{"id":1619,"date":"2020-05-14T10:31:02","date_gmt":"2020-05-14T10:31:02","guid":{"rendered":"https:\/\/kst.ffzg.unizg.hr\/?page_id=1619"},"modified":"2020-05-15T14:14:07","modified_gmt":"2020-05-15T14:14:07","slug":"filip-seferi","status":"publish","type":"page","link":"https:\/\/kst.ffzg.unizg.hr\/index.php\/tr\/hakkimizda\/bizitaniyin\/filip-seferi\/","title":{"rendered":"Filip Seferi"},"content":{"rendered":"\n<div class=\"wp-block-image\"><figure class=\"alignright is-resized\"><img loading=\"lazy\" src=\"https:\/\/kst.ffzg.unizg.hr\/wp-content\/uploads\/2020\/05\/WhatsApp-Image-2020-05-14-at-16.13.02-e1589462407403-778x1024.jpeg\" alt=\"\" class=\"wp-image-1474\" width=\"309\" height=\"464\"\/><\/figure><\/div>\n\n\n\n<p style=\"text-align:justify\"><strong>Filip Seferi<\/strong>\u2013 2018 Nisan\u2019\u0131ndan beri Kul\u00fcp Denetim Kurulu \u00fcyesi ve T\u00fcrkoloji \u00d6\u011frencileri Kul\u00fcb\u00fc\u2019n\u00fcn ilk ve en aktif \u00fcyelerinden biridir. 15 Ocak 1999\u2019da do\u011fdu\u011fu Zagreb\u2019de ilk ve ortaokul ile lise e\u011fitimin tamamlam\u0131\u015ft\u0131r. 2017-2018 e\u011fitim y\u0131l\u0131nda Zagreb \u00dcniversitesi Felsefe Fak\u00fcltesinde T\u00fcrkoloji ile birlikte \u0130spanyol Dili ve Edebiyat\u0131 b\u00f6l\u00fcmlerinde lisans e\u011fitimine ba\u015flam\u0131\u015ft\u0131r. 2019 Nisan\u2019\u0131ndan beri Kul\u00fcb\u00fcn tiyatro grubunun \u00fcyesidir. Ayn\u0131 senenin Kas\u0131m\u2019\u0131ndan itibaren Felsefe Fak\u00fcltesi Futsal Ekibinin organizat\u00f6r\u00fc ve y\u00f6neticilerinden biridir. \u0130ngilizce, \u0130talyanca, \u0130spanyolca ve T\u00fcrk\u00e7e olmak \u00fczere d\u00f6rt yabanc\u0131 dil bilmektedir. Yay\u0131mlayacak olan bir \u0130spanyol eserinin H\u0131rvat\u00e7a \u00e7eviri \u00fczerinde \u00e7al\u0131\u015fmaktad\u0131r.<\/p>\n","protected":false},"excerpt":{"rendered":"<p>Filip Seferi\u2013 2018 Nisan\u2019\u0131ndan beri Kul\u00fcp Denetim Kurulu \u00fcyesi ve T\u00fcrkoloji \u00d6\u011frencileri Kul\u00fcb\u00fc\u2019n\u00fcn ilk ve en aktif \u00fcyelerinden biridir. 15 Ocak 1999\u2019da do\u011fdu\u011fu Zagreb\u2019de ilk ve ortaokul ile lise e\u011fitimin tamamlam\u0131\u015ft\u0131r. 2017-2018 e\u011fitim y\u0131l\u0131nda Zagreb \u00dcniversitesi Felsefe Fak\u00fcltesinde T\u00fcrkoloji ile birlikte \u0130spanyol Dili ve Edebiyat\u0131 b\u00f6l\u00fcmlerinde lisans e\u011fitimine ba\u015flam\u0131\u015ft\u0131r. 2019 Nisan\u2019\u0131ndan beri Kul\u00fcb\u00fcn tiyatro grubunun [&hellip;]<\/p>\n","protected":false},"author":2,"featured_media":0,"parent":225,"menu_order":0,"comment_status":"closed","ping_status":"closed","template":"","meta":{"spay_email":""},"_links":{"self":[{"href":"https:\/\/kst.ffzg.unizg.hr\/index.php\/wp-json\/wp\/v2\/pages\/1619"}],"collection":[{"href":"https:\/\/kst.ffzg.unizg.hr\/index.php\/wp-json\/wp\/v2\/pages"}],"about":[{"href":"https:\/\/kst.ffzg.unizg.hr\/index.php\/wp-json\/wp\/v2\/types\/page"}],"author":[{"embeddable":true,"href":"https:\/\/kst.ffzg.unizg.hr\/index.php\/wp-json\/wp\/v2\/users\/2"}],"replies":[{"embeddable":true,"href":"https:\/\/kst.ffzg.unizg.hr\/index.php\/wp-json\/wp\/v2\/comments?post=1619"}],"version-history":[{"count":1,"href":"https:\/\/kst.ffzg.unizg.hr\/index.php\/wp-json\/wp\/v2\/pages\/1619\/revisions"}],"predecessor-version":[{"id":1620,"href":"https:\/\/kst.ffzg.unizg.hr\/index.php\/wp-json\/wp\/v2\/pages\/1619\/revisions\/1620"}],"up":[{"embeddable":true,"href":"https:\/\/kst.ffzg.unizg.hr\/index.php\/wp-json\/wp\/v2\/pages\/225"}],"wp:attachment":[{"href":"https:\/\/kst.ffzg.unizg.hr\/index.php\/wp-json\/wp\/v2\/media?parent=1619"}],"curies":[{"name":"wp","href":"https:\/\/api.w.org\/{rel}","templated":true}]}}